{"id":7115,"date":"2024-03-22T17:17:20","date_gmt":"2024-03-22T17:17:20","guid":{"rendered":"https:\/\/test.biasradio.com\/?post_type=members&#038;p=7115"},"modified":"2024-06-07T20:10:10","modified_gmt":"2024-06-07T18:10:10","slug":"boy","status":"publish","type":"members","link":"https:\/\/biasradio.com\/?members=boy","title":{"rendered":"Boy"},"content":{"rendered":"<p>A Boy nevet m\u00e9g Szasza bar\u00e1tom ragasztotta r\u00e1m j\u00f3n\u00e9h\u00e1ny \u00e9vvel ezel\u0151tt \u00e9s az\u00f3ta is sz\u00edvesen viselem. Hogy mi volt az aprop\u00f3ja, honnan j\u00f6tt, erre m\u00e1r nem eml\u00e9kszem, de nem is ez az \u00e9rdekes. Szasza n\u00e9lk\u00fcl nem lenne ez a r\u00e1di\u00f3 \u00e9s j\u00f3 p\u00e1r bar\u00e1ttal is szeg\u00e9nyebb lenn\u00e9k, hiszen \u0150 az eg\u00e9sz st\u00e1b k\u00f6z\u00f6s pontja.<br \/>\nNem mondhatom el magamr\u00f3l, hogy ezel\u0151tt b\u00e1rmikor is k\u00f6z\u00f6m lett volna b\u00e1rmilyen form\u00e1ban a zen\u00e9hez a hallgat\u00e1s\u00e1n k\u00edv\u00fcl, ahogy azt sem, hogy valaha azt gondoltam volna, hogy r\u00e1di\u00f3zni fogok, most m\u00e9gis r\u00e9szese lehetek ennek a szuper csapatnak, ami\u00e9rt rendk\u00edv\u00fcl h\u00e1l\u00e1s vagyok.<\/p>\n<p>A zene szeretete n\u00e1lam eg\u00e9szen kor\u00e1n kezd\u0151d\u00f6tt, mondhatn\u00e1m, hogy apai \u00e1gon \u00f6r\u00f6k\u00f6ltem. Gyerekkoromban \u00e9desap\u00e1m rendszerint el\u0151vette h\u00e9tv\u00e9genk\u00e9nt az Unitra ZK140-\u00e9t \u00e9s oda vissza p\u00f6rg\u00f6tt az a j\u00f3n\u00e9h\u00e1ny 60-70-es \u00e9vekbeli szalag, amit az \u00e9jszak\u00e1it fel\u00e1ldozva saj\u00e1t maga r\u00f6gz\u00edtett a Pet\u0151fi r\u00e1di\u00f3 \u201eT\u00e1ncoljunk!\u201d c\u00edm\u0171 m\u0171sor\u00e1b\u00f3l.<\/p>\n<p>Mivel a 70-es \u00e9vek derek\u00e1n l\u00e1ttam meg a napvil\u00e1got, az Italo disco sajnos nekem kimaradt \u00e9lm\u00e9ny volt nagyon sok\u00e1ig. Diszk\u00f3ba j\u00e1rni ink\u00e1bb a kilencvenes \u00e9vek elej\u00e9n kezdtem el \u00e9s be is h\u00f3doltam a korszak divatj\u00e1nak, meg tal\u00e1n az akkori bar\u00e1ti k\u00f6r\u00f6m befoly\u00e1s\u00e1nak, a Rapnek.<\/p>\n<p>Az id\u0151 haladt\u00e1val, ahogy egyre ink\u00e1bb kezdett ben\u0151ni a fejem l\u00e1gya azon kaptam magam, hogy igaz\u00e1b\u00f3l minden zen\u00e9t szeretek, mindent meghallgatok, er\u0151s\u00f6dtek bennem a rockos \u00e9rz\u00e9sek, amit tin\u00e9dzserk\u00e9nt el sem tudtam volna k\u00e9pzelni, hiszen k\u00fcl\u00f6n t\u00e1borok voltunk, ak\u00e1r egy Fradi-\u00dajpest meccsen. Ha valaki most megk\u00e9rdezn\u00e9, hogy mi a kedvenc zenei st\u00edlusom bajban lenn\u00e9k a v\u00e1lasszal. Egyr\u00e9szt ott van a 60-as \u00e9vek Beat korszaka, amit nagyon im\u00e1dok, ez \u00fagymond bel\u00e9m \u00e9gett \u00e9s m\u00e1r \u00edgy is marad, de rajongok a 70-es\/80-as \u00e9vek Rock zen\u00e9i\u00e9rt, a 90-es \u00e9vek Disco \u00e9s Rap zen\u00e9i\u00e9rt, azt\u00e1n folytathatn\u00e1m a sort a 2000-es \u00e9vek House zen\u00e9ivel \u00e9s m\u00e1r vagy 50 \u00e9vet le is fedt\u00fcnk.<\/p>\n<p>Egy valamit kor\u00e1n megtanultam: zene n\u00e9lk\u00fcl nem \u00e9let az \u00e9let. Ha b\u00e1natos vagyok, ha j\u00f3 a kedvem, ha szerelmes vagyok, vagy csak \u00e9ppen \u00e9lni szeretn\u00e9k a pillanatban, mindig akad egy j\u00f3 sz\u00e1m. Szerencs\u00e9re a gyerekeimre is tudtam hatni ebben a tekintetben, eg\u00e9sz pici koruk \u00f3ta a mai napig rendszeresen, ha nem is minden nap, de legal\u00e1bb heti szinten hallgatunk k\u00f6z\u00f6sen zen\u00e9t, nek\u00fcnk olyan ez, mintha mindig kar\u00e1csony lenne.<\/p>\n<p>Kellemes r\u00e1di\u00f3z\u00e1st!<\/p>\n<p>Boy<\/p>\n","protected":false},"featured_media":7122,"menu_order":0,"template":"","class_list":["post-7115","members","type-members","status-publish","has-post-thumbnail","hentry"],"_links":{"self":[{"href":"https:\/\/biasradio.com\/index.php?rest_route=\/wp\/v2\/members\/7115","targetHints":{"allow":["GET"]}}],"collection":[{"href":"https:\/\/biasradio.com\/index.php?rest_route=\/wp\/v2\/members"}],"about":[{"href":"https:\/\/biasradio.com\/index.php?rest_route=\/wp\/v2\/types\/members"}],"version-history":[{"count":3,"href":"https:\/\/biasradio.com\/index.php?rest_route=\/wp\/v2\/members\/7115\/revisions"}],"predecessor-version":[{"id":7553,"href":"https:\/\/biasradio.com\/index.php?rest_route=\/wp\/v2\/members\/7115\/revisions\/7553"}],"wp:featuredmedia":[{"embeddable":true,"href":"https:\/\/biasradio.com\/index.php?rest_route=\/wp\/v2\/media\/7122"}],"wp:attachment":[{"href":"https:\/\/biasradio.com\/index.php?rest_route=%2Fwp%2Fv2%2Fmedia&parent=7115"}],"curies":[{"name":"wp","href":"https:\/\/api.w.org\/{rel}","templated":true}]}}